{"id":3830,"date":"2023-10-25T15:02:15","date_gmt":"2023-10-25T13:02:15","guid":{"rendered":"https:\/\/www.aqualuxpool.eu\/zasady-ochrany-osobnich-udaju\/"},"modified":"2025-04-08T16:49:53","modified_gmt":"2025-04-08T14:49:53","slug":"zasady-ochrany-osobnich-udaju","status":"publish","type":"page","link":"https:\/\/aqualuxpool.eu\/cs\/zasady-ochrany-osobnich-udaju\/","title":{"rendered":"Z\u00e1sady ochrany osobn\u00edch \u00fadaj\u016f"},"content":{"rendered":"\t\t<div data-elementor-type=\"wp-page\" data-elementor-id=\"3830\" class=\"elementor elementor-3830 elementor-3\" data-elementor-post-type=\"page\">\n\t\t\t\t<div class=\"elementor-element elementor-element-b13b790 e-flex e-con-boxed e-con e-parent\" data-id=\"b13b790\" data-element_type=\"container\">\n\t\t\t\t\t<div class=\"e-con-inner\">\n\t\t\t\t<div class=\"elementor-element elementor-element-e003248 elementor-widget__width-inherit elementor-widget elementor-widget-heading\" data-id=\"e003248\" data-element_type=\"widget\" data-widget_type=\"heading.default\">\n\t\t\t\t\t<h1 class=\"elementor-heading-title elementor-size-default\">Z\u00e1sady zpracov\u00e1n\u00ed<\/h1>\t\t\t\t<\/div>\n\t\t\t\t<div class=\"elementor-element elementor-element-30f998c elementor-widget__width-inherit elementor-widget elementor-widget-heading\" data-id=\"30f998c\" data-element_type=\"widget\" data-widget_type=\"heading.default\">\n\t\t\t\t\t<h3 class=\"elementor-heading-title elementor-size-default\">osobn\u00edch \u00fadaj\u016f<\/h3>\t\t\t\t<\/div>\n\t\t\t\t\t<\/div>\n\t\t\t\t<\/div>\n\t\t<div class=\"elementor-element elementor-element-094071a e-flex e-con-boxed e-con e-parent\" data-id=\"094071a\" data-element_type=\"container\">\n\t\t\t\t\t<div class=\"e-con-inner\">\n\t\t<div class=\"elementor-element elementor-element-ac60db7 e-con-full e-flex e-con e-child\" data-id=\"ac60db7\" data-element_type=\"container\">\n\t\t\t\t<div class=\"elementor-element elementor-element-a7b35a0 elementor-widget elementor-widget-text-editor\" data-id=\"a7b35a0\" data-element_type=\"widget\" data-widget_type=\"text-editor.default\">\n\t\t\t\t\t\t\t\t\tSpole\u010dnosti : Slovak Welder s.r.o., I\u010c : 51696932, (d\u00e1le jednotliv\u011b i jako jen \u201eprovozovatel\u201e) Provozovatel, poskytuje za \u00fa\u010delem dodr\u017eov\u00e1n\u00ed spravedlnosti a transparentnosti v\u016f\u010di dot\u010den\u00fdm osob\u00e1m toto sezn\u00e1men\u00ed dot\u010den\u00e9 osoby o zpracov\u00e1n\u00edm osobn\u00edch \u00fadaj\u016f podle \u010dl\u00e1nk\u016f 13. a 14. Na\u0159\u00edzen\u00ed Evropsk\u00e9ho parlamentu a Rady (EU) 2016\/679 ze dne 27. dubna 2016 o ochran\u011b fyzick\u00fdch osob p\u0159i zpracov\u00e1n\u00ed osobn\u00edch \u00fadaj\u016f ao voln\u00e9m pohybu takov\u00fdch \u00fadaj\u016f (d\u00e1le jen \u201eNa\u0159\u00edzen\u00ed\u201c) a \u00a7 19 Z\u00e1kona NR SR \u010d.j. 18\/2018 Sb. o ochran\u011b osobn\u00edch \u00fadaj\u016f ao zm\u011bn\u011b a dopln\u011bn\u00ed n\u011bkter\u00fdch z\u00e1kon\u016f pod n\u00e1zvem Z\u00c1SADY OCHRANY OSOBN\u00cdCH \u00daDAJ\u016e   \t\t\t\t\t\t\t\t<\/div>\n\t\t\t\t<div class=\"elementor-element elementor-element-1b95222 elementor-widget elementor-widget-text-editor\" data-id=\"1b95222\" data-element_type=\"widget\" data-widget_type=\"text-editor.default\">\n\t\t\t\t\t\t\t\t\t\u00da\u010del zpracov\u00e1n\u00ed osobn\u00edch \u00fadaj\u016f \u2013 Kontaktn\u00ed formul\u00e1\u0159:\t\t\t\t\t\t\t\t<\/div>\n\t\t\t\t<div class=\"elementor-element elementor-element-f3188a9 elementor-widget elementor-widget-text-editor\" data-id=\"f3188a9\" data-element_type=\"widget\" data-widget_type=\"text-editor.default\">\n\t\t\t\t\t\t\t\t\t<p>V r\u00e1mci \u010dinnosti doch\u00e1z\u00ed ke zpracov\u00e1n\u00ed osobn\u00edch \u00fadaj\u016f v evidenci klient\u016f za \u00fa\u010delem zasl\u00e1n\u00ed odpov\u011bdi na polo\u017eenou ot\u00e1zku<\/p><p><strong>Okruh subjekt\u016f \u00fadaj\u016f<\/strong>: fyzick\u00e9 osoby \u2013 klienti<br><strong>Seznam osobn\u00edch \u00fadaj\u016f<\/strong>: jm\u00e9no, p\u0159\u00edjmen\u00ed, tel. \u010d\u00edslo, e-mail <br><strong>Pr\u00e1vn\u00ed z\u00e1klad zpracov\u00e1n\u00ed osobn\u00edch \u00fadaj\u016f<\/strong>: souhlas subjektu \u00fadaj\u016f<br><strong>Kategorie p\u0159\u00edjemc\u016f<\/strong>: subjekty, kter\u00fdm zvl\u00e1\u0161tn\u00ed p\u0159edpis sv\u011b\u0159uje pravomoc rozhodovat o pr\u00e1vech a povinnostech fyzick\u00fdch osob (nap\u0159. soudy). P\u0159enos osobn\u00edch \u00fadaj\u016f do t\u0159et\u00edch zem\u00ed se neprov\u00e1d\u00ed. <br><strong>Lh\u016fty pro vymaz\u00e1n\u00ed osobn\u00edch \u00fadaj\u016f<\/strong>: maxim\u00e1ln\u011b 48 m\u011bs\u00edc\u016f (v p\u0159\u00edpad\u011b pln\u011bn\u00ed si z\u00e1konn\u00fdch povinnost\u00ed \u010di pr\u00e1vn\u00edch n\u00e1rok\u016f provozovatele dle platn\u00e9 legislativy).<\/p>\t\t\t\t\t\t\t\t<\/div>\n\t\t\t\t<div class=\"elementor-element elementor-element-a1cdb69 elementor-widget elementor-widget-text-editor\" data-id=\"a1cdb69\" data-element_type=\"widget\" data-widget_type=\"text-editor.default\">\n\t\t\t\t\t\t\t\t\t\u00da\u010cETN\u00cd A DA\u0147OV\u00c9 DOKLADY\t\t\t\t\t\t\t\t<\/div>\n\t\t\t\t<div class=\"elementor-element elementor-element-204b36e elementor-widget elementor-widget-text-editor\" data-id=\"204b36e\" data-element_type=\"widget\" data-widget_type=\"text-editor.default\">\n\t\t\t\t\t\t\t\t\t<p>\u00da\u010del zpracov\u00e1n\u00ed osobn\u00edch \u00fadaj\u016f je evidence \u00fa\u010detn\u00edch doklad\u016f a agendy spojen\u00e9 s jej\u00edm zpracov\u00e1n\u00edm.<\/p><p><strong>Okruh subjekt\u016f \u00fadaj\u016f:<\/strong> fyzick\u00e9 osoby \u2013 klienti, zam\u011bstnanci Seznam osobn\u00edch \u00fadaj\u016f: jm\u00e9no, p\u0159\u00edjmen\u00ed, titul, adresa trval\u00e9ho pobytu, adresa p\u0159echodn\u00e9ho pobytu, telefonn\u00ed \u010d\u00edslo, e-mailov\u00e1 adresa, datum narozen\u00ed, druh a \u010d\u00edslo dokladu toto\u017enosti, podpis, \u010d\u00edslo bankovn\u00edho \u00fa\u010dtu fyzick\u00e9 osoby<\/p><p><strong>Pr\u00e1vn\u00ed z\u00e1klad zpracov\u00e1n\u00ed osobn\u00edch \u00fadaj\u016f<\/strong>: z\u00e1kon \u010d.1 431\/2002 Sb. o \u00fa\u010detnictv\u00ed ve zn\u011bn\u00ed pozd\u011bj\u0161\u00edch p\u0159edpis\u016f, z\u00e1kon \u010d.j. 222\/2004 Sb. o dani z p\u0159idan\u00e9 hodnoty ve zn\u011bn\u00ed pozd\u011bj\u0161\u00edch p\u0159edpis\u016f, z\u00e1kon \u010d.j. \u010d. 40\/1964 Sb. Ob\u010dansk\u00fd z\u00e1kon\u00edk ve zn\u011bn\u00ed pozd\u011bj\u0161\u00edch p\u0159edpis\u016f 152\/1994 Sb. o soci\u00e1ln\u00edm fondu ao zm\u011bn\u011b z\u00e1kona 286\/1992 Sb. o dan\u00edch z p\u0159\u00edjm\u016f ve zn\u011bn\u00ed pozd\u011bj\u0161\u00edch p\u0159edpis\u016f, z\u00e1kon \u010d.j. 311\/2001 Sb. Z\u00e1kon\u00edk pr\u00e1ce ve zn\u011bn\u00ed pozd\u011bj\u0161\u00edch p\u0159edpis\u016f            <\/p><p><strong>Kategorie p\u0159\u00edjemc\u016f<\/strong>: soci\u00e1ln\u00ed poji\u0161\u0165ovna, zdravotn\u00ed poji\u0161\u0165ovny, da\u0148ov\u00fd \u00fa\u0159ad a subjekty, kter\u00fdm zvl\u00e1\u0161tn\u00ed p\u0159edpis sv\u011b\u0159uje pravomoc rozhodovat o pr\u00e1vech a povinnostech fyzick\u00fdch osob: soudy, org\u00e1ny \u010dinn\u00e9 v trestn\u00edm \u0159\u00edzen\u00ed a zprost\u0159edkovatel\u00e9: Marta Janigov\u00e1, 01315 Fa\u010dkov 246, 4493690<\/p><p><strong>P\u0159enos osobn\u00edch \u00fadaj\u016f do t\u0159et\u00edch zem\u00ed se neprov\u00e1d\u00ed.<\/strong><\/p><p><strong>Lh\u016fty pro vymaz\u00e1n\u00ed osobn\u00edch \u00fadaj\u016f<\/strong>: \u00da\u010detn\u00ed doklady 10 let<\/p><p><strong>Automatizovan\u00e9 rozhodov\u00e1n\u00ed v\u010detn\u011b profilov\u00e1n\u00ed se neuskute\u010d\u0148uje.<\/strong><\/p><p>Z d\u016fvodu dodr\u017eov\u00e1n\u00ed z\u00e1sady minimalizace jsou v\u0161echny V\u00e1mi poskytnut\u00e9 osobn\u00ed \u00fadaje nezbytn\u00fdm z\u00e1konn\u00fdm po\u017eadavkem pro napln\u011bn\u00ed \u00fa\u010delu jejich zpracov\u00e1n\u00ed.<\/p>\t\t\t\t\t\t\t\t<\/div>\n\t\t\t\t<div class=\"elementor-element elementor-element-d6c240a elementor-widget elementor-widget-text-editor\" data-id=\"d6c240a\" data-element_type=\"widget\" data-widget_type=\"text-editor.default\">\n\t\t\t\t\t\t\t\t\tE-SHOP\t\t\t\t\t\t\t\t<\/div>\n\t\t\t\t<div class=\"elementor-element elementor-element-edf6e83 elementor-widget elementor-widget-text-editor\" data-id=\"edf6e83\" data-element_type=\"widget\" data-widget_type=\"text-editor.default\">\n\t\t\t\t\t\t\t\t\t<p>\u00da\u010del zpracov\u00e1n\u00ed osobn\u00edch \u00fadaj\u016f je uzav\u0159en\u00ed kupn\u00ed smlouvy a n\u00e1sledn\u00e9 uskute\u010dn\u011bn\u00ed platby, dod\u00e1n\u00ed zbo\u017e\u00ed nebo slu\u017eby a p\u0159\u00edpadn\u00e9 poskytnut\u00ed jin\u00fdch souvisej\u00edc\u00edch slu\u017eeb (zejm\u00e9na v souvislosti s pr\u00e1vn\u00edmi p\u0159edpisy upravuj\u00edc\u00edmi ochranu spot\u0159ebitele).<\/p><p><strong>Okruh dot\u010den\u00fdch osob<\/strong>: fyzick\u00e9 osoby \u2013 z\u00e1kazn\u00edci e-shopu<\/p><p><strong>Seznam osobn\u00edch \u00fadaj\u016f<\/strong>: titul, jm\u00e9no, p\u0159\u00edjmen\u00ed, adresa bydli\u0161t\u011b, p\u0159\u00edpadn\u011b adresa dod\u00e1n\u00ed zbo\u017e\u00ed, email, telefon, obsah objedn\u00e1vky, osobn\u00ed \u00fadaje nezbytn\u00e9 k uskute\u010dn\u011bn\u00ed platby p\u0159es internet<\/p><p><strong>Pr\u00e1vny z\u00e1klad spracovania osobn\u00fdch \u00fadajov<\/strong>: \u00a7 13 ods. 1 p\u00edsm. b) z\u00e1kona \u010d. 18\/2018 Z. z. o ochrane osobn\u00fdch \u00fadajov a o zmene a doplnen\u00ed niektor\u00fdch z\u00e1konov    <\/p><p><strong>Kategorie p\u0159\u00edjemc\u016f<\/strong>: subjekty, kter\u00fdm zvl\u00e1\u0161tn\u00ed p\u0159edpis sv\u011b\u0159uje pravomoc rozhodovat o pr\u00e1vech a povinnostech fyzick\u00fdch osob: soudy, org\u00e1ny \u010dinn\u00e9 v trestn\u00edm \u0159\u00edzen\u00ed a zprost\u0159edkovatel\u00e9: Soft Studio s.r.o., Ka\u0161tanov\u00e1 3089\/50 010 07 \u017dilina, 50392115<\/p><p><strong>P\u0159enos osobn\u00edch \u00fadaj\u016f do t\u0159et\u00edch zem\u00ed se neprov\u00e1d\u00ed.P\u0159enos osobn\u00edch \u00fadaj\u016f do t\u0159et\u00edch zem\u00ed se neprov\u00e1d\u00ed.<\/strong><\/p><p><strong>Lh\u016fty pro vymaz\u00e1n\u00ed osobn\u00edch \u00fadaj\u016f<\/strong>: Faktury 10 let Objedn\u00e1vka 10 let<br><strong>Automatizovan\u00e9 rozhodov\u00e1n\u00ed v\u010detn\u011b profilov\u00e1n\u00ed se neuskute\u010d\u0148uje<\/strong>.<br>Z d\u016fvodu dodr\u017eov\u00e1n\u00ed z\u00e1sady minimalizace jsou v\u0161echny V\u00e1mi poskytnut\u00e9 osobn\u00ed \u00fadaje nezbytn\u00fdm smluvn\u00edm po\u017eadavkem pro napln\u011bn\u00ed \u00fa\u010delu jejich zpracov\u00e1n\u00ed.<\/p>\t\t\t\t\t\t\t\t<\/div>\n\t\t\t\t<div class=\"elementor-element elementor-element-81d3c37 elementor-widget elementor-widget-text-editor\" data-id=\"81d3c37\" data-element_type=\"widget\" data-widget_type=\"text-editor.default\">\n\t\t\t\t\t\t\t\t\tREKLAMACE\t\t\t\t\t\t\t\t<\/div>\n\t\t\t\t<div class=\"elementor-element elementor-element-7a806a2 elementor-widget elementor-widget-text-editor\" data-id=\"7a806a2\" data-element_type=\"widget\" data-widget_type=\"text-editor.default\">\n\t\t\t\t\t\t\t\t\t<p>\u00da\u010del zpracov\u00e1n\u00ed osobn\u00edch \u00fadaj\u016f je evidence klient\u016f uplat\u0148uj\u00edc\u00edch reklamaci.<\/p><p><strong>Okruh subjekt\u016f \u00fadaj\u016f<\/strong>: fyzick\u00e9 osoby \u2013 klienti uplat\u0148uj\u00edc\u00ed reklamaci<\/p><p><strong>Seznam osobn\u00edch \u00fadaj\u016f<\/strong>: jm\u00e9no, p\u0159\u00edjmen\u00ed, titul, bydli\u0161t\u011b, telefon, e-mail a povaha reklamace<\/p><p><strong>Pr\u00e1vn\u00ed z\u00e1klad zpracov\u00e1n\u00ed osobn\u00edch \u00fadaj\u016f<\/strong>: z\u00e1kon \u010d.1 \u010d. 40\/1964 Sb. Ob\u010dansk\u00fd z\u00e1kon\u00edk ve zn\u011bn\u00ed pozd\u011bj\u0161\u00edch p\u0159edpis\u016f 250\/2007 Sb. o ochran\u011b spot\u0159ebitele ao zm\u011bn\u011b z\u00e1kona Slovensk\u00e9 n\u00e1rodn\u00ed rady \u010d.j. 372\/1990 Sb. o p\u0159estupc\u00edch ve zn\u011bn\u00ed pozd\u011bj\u0161\u00edch p\u0159edpis\u016f a jin\u00e9 souvisej\u00edc\u00ed obecn\u011b z\u00e1vazn\u00e9 pr\u00e1vn\u00ed p\u0159edpisy     <\/p><p><strong>Kategorie p\u0159\u00edjemc\u016f<\/strong>: SOI \u2013 Z\u00e1k. 128\/2002 Sb. o st\u00e1tn\u00ed kontrole vnit\u0159n\u00edho trhu ve v\u011bcech ochrany spot\u0159ebitele ao zm\u011bn\u011b n\u011bkter\u00fdch z\u00e1kon\u016f a subjekty, kter\u00fdm zvl\u00e1\u0161tn\u00ed p\u0159edpis sv\u011b\u0159uje pravomoc rozhodovat o pr\u00e1vech a povinnostech fyzick\u00fdch osob: soudy, org\u00e1ny \u010dinn\u00e9 v trestn\u00edm \u0159\u00edzen\u00ed <\/p><p><strong>P\u0159enos osobn\u00edch \u00fadaj\u016f do t\u0159et\u00edch zem\u00ed se neprov\u00e1d\u00ed<\/strong>.<br><strong>Lh\u016fty pro vymaz\u00e1n\u00ed osobn\u00edch \u00fadaj\u016f<\/strong>: Reklamace 10 let<br><strong>Automatizovan\u00e9 rozhodov\u00e1n\u00ed v\u010detn\u011b profilov\u00e1n\u00ed se neuskute\u010d\u0148uje.<br><\/strong>Z d\u016fvodu dodr\u017eov\u00e1n\u00ed z\u00e1sady minimalizace jsou v\u0161echny V\u00e1mi poskytnut\u00e9 osobn\u00ed \u00fadaje nezbytn\u00fdm z\u00e1konn\u00fdm po\u017eadavkem pro napln\u011bn\u00ed \u00fa\u010delu jejich zpracov\u00e1n\u00ed.<\/p>\t\t\t\t\t\t\t\t<\/div>\n\t\t\t\t<div class=\"elementor-element elementor-element-5fa2e34 elementor-widget elementor-widget-text-editor\" data-id=\"5fa2e34\" data-element_type=\"widget\" data-widget_type=\"text-editor.default\">\n\t\t\t\t\t\t\t\t\t<p>\u017d\u00c1DOSTI DOTKNUT\u00ddCH OS\u020eB K UPLATN\u011aN\u00cd PR\u00c1V<\/p>\t\t\t\t\t\t\t\t<\/div>\n\t\t\t\t<div class=\"elementor-element elementor-element-dc55bff elementor-widget elementor-widget-text-editor\" data-id=\"dc55bff\" data-element_type=\"widget\" data-widget_type=\"text-editor.default\">\n\t\t\t\t\t\t\t\t\t<p>\u00da\u010del zpracov\u00e1n\u00ed osobn\u00edch \u00fadaj\u016f je evidence a vy\u0159\u00edzen\u00ed \u017e\u00e1dost\u00ed dot\u010den\u00fdch osob p\u0159i uplat\u0148ov\u00e1n\u00ed pr\u00e1v ve smyslu Na\u0159\u00edzen\u00ed.<\/p><p><strong>Okruh subjekt\u016f \u00fadaj\u016f<\/strong>: fyzick\u00e9 osoby \u2013 subjekty \u00fadaj\u016f \/ \u017eadatel\u00e9<\/p><p><strong>Seznam osobn\u00edch \u00fadaj\u016f<\/strong>: titul, jm\u00e9no, p\u0159\u00edjmen\u00ed, trval\u00fd pobyt, emailov\u00e1 adresa<\/p><p><strong>Pr\u00e1vn\u00ed z\u00e1klad zpracov\u00e1n\u00ed osobn\u00edch \u00fadaj\u016f<\/strong>: \u010cl. 6 ods. 1 p\u00edsm. c) Na\u0159\u00edzen\u00ed   <\/p><p><strong>Kategorie p\u0159\u00edjemc\u016f<\/strong>: subjekty, kter\u00fdm zvl\u00e1\u0161tn\u00ed p\u0159edpis sv\u011b\u0159uje pravomoc rozhodovat o pr\u00e1vech a povinnostech fyzick\u00fdch osob: soudy, org\u00e1ny \u010dinn\u00e9 v trestn\u00edm \u0159\u00edzen\u00ed<\/p><p><strong>P\u0159enos osobn\u00edch \u00fadaj\u016f do t\u0159et\u00edch zem\u00ed se neprov\u00e1d\u00ed<\/strong>.<br><strong>Lh\u016fty pro vymaz\u00e1n\u00ed osobn\u00edch \u00fadaj\u016f<\/strong>: \u017e\u00e1dost 10 let<br><strong>Automatizovan\u00e9 rozhodov\u00e1n\u00ed v\u010detn\u011b profilov\u00e1n\u00ed se neuskute\u010d\u0148uje.<br><\/strong>Z d\u016fvodu dodr\u017eov\u00e1n\u00ed z\u00e1sady minimalizace jsou v\u0161echny V\u00e1mi poskytnut\u00e9 osobn\u00ed \u00fadaje nezbytn\u00fdm z\u00e1konn\u00fdm po\u017eadavkem pro napln\u011bn\u00ed \u00fa\u010delu jejich zpracov\u00e1n\u00ed.<\/p><p><strong>Dot\u010den\u00e9 osoby, o kter\u00fdch jsou zpracov\u00e1v\u00e1ny osobn\u00ed \u00fadaje pro konkr\u00e9tn\u00ed vymezen\u00e9 \u00fa\u010dely, mohou uplatnit n\u00e1sleduj\u00edc\u00ed pr\u00e1va<\/strong>:<br>Pr\u00e1vo po\u017eadovat p\u0159\u00edstup ke sv\u00fdm osobn\u00edm \u00fadaj\u016fm \u2013 Pr\u00e1vo na opravu osobn\u00edch \u00fadaj\u016f \u2013 Pr\u00e1vo na vymaz\u00e1n\u00ed osobn\u00edch \u00fadaj\u016f \u2013 Pr\u00e1vo na omezen\u00ed zpracov\u00e1v\u00e1n\u00ed osobn\u00edch \u00fadaj\u016f \u2013 Pr\u00e1vo nam\u00edtat proti zpracov\u00e1n\u00ed osobn\u00edch \u00fadaj\u016f \u2013 Pr\u00e1vo na p\u0159ed\u00e1v\u00e1n\u00ed sv\u00fdch osobn\u00edch \u00fadaj\u016f \u2013 Pr\u00e1vo podat st\u00ed\u017enost Kontroln\u00edmu \u00fa\u0159adu, tzn. \u00da\u0159adu na ochranu osobn\u00edch \u00fadaj\u016f \u010cR.<br>Uveden\u00e1 pr\u00e1va subjektu \u00fadaj\u016f jsou bl\u00ed\u017ee specifikov\u00e1na v \u010dl\u00e1nc\u00edch 15 a\u017e 21 na\u0159\u00edzen\u00ed. Dot\u010den\u00e1 osoba si uveden\u00e1 pr\u00e1va uplat\u0148uje v souladu s Na\u0159\u00edzen\u00edm a dal\u0161\u00edmi p\u0159\u00edslu\u0161n\u00fdmi pr\u00e1vn\u00edmi p\u0159edpisy. V\u016f\u010di provozovateli si doty\u010dn\u00e1 osoba m\u016f\u017ee sv\u00e1 pr\u00e1va uplatnit prost\u0159ednictv\u00edm p\u00edsemn\u00e9 \u017e\u00e1dosti nebo elektronick\u00fdmi prost\u0159edky. V p\u0159\u00edpad\u011b, \u017ee doty\u010dn\u00e1 osoba po\u017e\u00e1d\u00e1 o \u00fastn\u00ed poskytnut\u00ed informac\u00ed, informace mohou b\u00fdt takto poskytnuty za p\u0159edpokladu, \u017ee doty\u010dn\u00e1 osoba prok\u00e1zala svou toto\u017enost.   <\/p><p><strong>Slovak Welder s.r.o.<\/strong> p\u0159ijala v\u0161echna p\u0159im\u011b\u0159en\u00e1 person\u00e1ln\u00ed, organiza\u010dn\u00ed a technick\u00e1 opat\u0159en\u00ed za \u00fa\u010delem maxim\u00e1ln\u00ed ochrany Va\u0161ich osobn\u00edch \u00fadaj\u016f s c\u00edlem v co nejv\u011bt\u0161\u00ed m\u00ed\u0159e sn\u00ed\u017eit riziko jejich zneu\u017eit\u00ed. Ve smyslu na\u0161\u00ed povinnosti vypl\u00fdvaj\u00edc\u00ed z \u010dl\u00e1nku 34 Na\u0159\u00edzen\u00ed V\u00e1m jako dot\u010den\u00fdm osob\u00e1m oznamujeme, \u017ee nastane-li situace, \u017ee jako provozovatel poru\u0161\u00edme ochranu Va\u0161ich osobn\u00edch \u00fadaj\u016f zp\u016fsobem, kter\u00fd pravd\u011bpodobn\u011b povede k vysok\u00e9mu riziku pro pr\u00e1va a svobody fyzick\u00fdch osob, bez zbyte\u010dn\u00e9ho odkladu V\u00e1m tuto skute\u010dnost sd\u011bl\u00edme.<br>Pr\u00e1vn\u00ed p\u0159edpisy as nimi souvisej\u00edc\u00ed zp\u016fsoby zpracov\u00e1v\u00e1n\u00ed Va\u0161ich osobn\u00edch \u00fadaj\u016f se mohou m\u011bnit. Pokud se tyto z\u00e1sady rozhodneme aktualizovat, um\u00edst\u00edme zm\u011bny na na\u0161\u00ed webstr\u00e1nce a budeme V\u00e1s o t\u011bchto zm\u011bn\u00e1ch informovat. V p\u0159\u00edpadech, kdy m\u00e1 doj\u00edt k z\u00e1sadn\u011bj\u0161\u00ed zm\u011bn\u011b t\u011bchto z\u00e1sad nebo v p\u0159\u00edpad\u011b, kdy n\u00e1m tak ulo\u017e\u00ed z\u00e1kon, budeme V\u00e1s informovat p\u0159edem. \u017d\u00e1d\u00e1me V\u00e1s, abyste si tyto z\u00e1sady pe\u010dliv\u011b p\u0159e\u010detli a p\u0159i dal\u0161\u00ed komunikaci s n\u00e1mi, resp. pou\u017e\u00edv\u00e1n\u00ed na\u0161\u00ed webstr\u00e1nky tyto z\u00e1sady pravideln\u011b kontrolovaly.     <\/p><p>Pokud m\u00e1te jak\u00fdkoli dotaz ohledn\u011b zpracov\u00e1n\u00ed Va\u0161ich osobn\u00edch \u00fadaj\u016f, v\u010detn\u011b uplatn\u011bn\u00ed v\u00fd\u0161e uveden\u00fdch pr\u00e1v, m\u016f\u017eete se obr\u00e1tit na na\u0161i kontaktn\u00ed osobu: emailem na info@suchydomov.sk. V\u0161echny va\u0161e podn\u011bty a st\u00ed\u017enosti \u0159\u00e1dn\u011b prov\u011b\u0159\u00edme. <\/p><p>Pokud nejste spokojeni s na\u0161\u00ed odpov\u011bd\u00ed, nebo se domn\u00edv\u00e1te, \u017ee va\u0161e osobn\u00ed \u00fadaje zpracov\u00e1v\u00e1me nespravedliv\u011b nebo nez\u00e1konn\u011b, m\u016f\u017eete podat st\u00ed\u017enost na dozor\u010d\u00ed org\u00e1n, kter\u00fdm je \u00da\u0159ad pro ochranu osobn\u00edch \u00fadaj\u016f Slovensk\u00e9 republiky, https:\/\/dataprotection.gov.sk, Hrani\u010dn\u00e1 12, 820 07 Bratislava 27; Tel. \u010d\u00edslo: +421 \/2\/ 3231 3214; E-mail: statny.dozor@pdp.gov.sk. <\/p>\t\t\t\t\t\t\t\t<\/div>\n\t\t\t\t<\/div>\n\t\t\t\t\t<\/div>\n\t\t\t\t<\/div>\n\t\t\t\t<\/div>\n\t\t","protected":false},"excerpt":{"rendered":"<p>Z\u00e1sady zpracov\u00e1n\u00ed osobn\u00edch \u00fadaj\u016f Spole\u010dnosti : Slovak Welder s.r.o., I\u010c : 51696932, (d\u00e1le jednotliv\u011b i jako jen \u201eprovozovatel\u201e) Provozovatel, poskytuje za \u00fa\u010delem dodr\u017eov\u00e1n\u00ed spravedlnosti a transparentnosti v\u016f\u010di dot\u010den\u00fdm osob\u00e1m toto sezn\u00e1men\u00ed dot\u010den\u00e9 osoby o zpracov\u00e1n\u00edm osobn\u00edch \u00fadaj\u016f podle \u010dl\u00e1nk\u016f 13. a 14. Na\u0159\u00edzen\u00ed Evropsk\u00e9ho parlamentu a Rady (EU) 2016\/679 ze dne 27. dubna 2016 o [&hellip;]<\/p>\n","protected":false},"author":1,"featured_media":0,"parent":0,"menu_order":0,"comment_status":"closed","ping_status":"closed","template":"","meta":{"footnotes":""},"class_list":["post-3830","page","type-page","status-publish","hentry"],"yoast_head":"<!-- This site is optimized with the Yoast SEO plugin v24.6 - https:\/\/yoast.com\/wordpress\/plugins\/seo\/ -->\n<title>Z\u00e1sady ochrany osobn\u00edch \u00fadaj\u016f - AQUA LUX POOL<\/title>\n<meta name=\"robots\" content=\"index, follow, max-snippet:-1, max-image-preview:large, max-video-preview:-1\" \/>\n<link rel=\"canonical\" href=\"https:\/\/aqualuxpool.eu\/zsou\/\" \/>\n<meta property=\"og:locale\" content=\"cs_CZ\" \/>\n<meta property=\"og:type\" content=\"article\" \/>\n<meta property=\"og:title\" content=\"Z\u00e1sady ochrany osobn\u00edch \u00fadaj\u016f - AQUA LUX POOL\" \/>\n<meta property=\"og:description\" content=\"Z\u00e1sady zpracov\u00e1n\u00ed osobn\u00edch \u00fadaj\u016f Spole\u010dnosti : Slovak Welder s.r.o., I\u010c : 51696932, (d\u00e1le jednotliv\u011b i jako jen \u201eprovozovatel\u201e) Provozovatel, poskytuje za \u00fa\u010delem dodr\u017eov\u00e1n\u00ed spravedlnosti a transparentnosti v\u016f\u010di dot\u010den\u00fdm osob\u00e1m toto sezn\u00e1men\u00ed dot\u010den\u00e9 osoby o zpracov\u00e1n\u00edm osobn\u00edch \u00fadaj\u016f podle \u010dl\u00e1nk\u016f 13. a 14. Na\u0159\u00edzen\u00ed Evropsk\u00e9ho parlamentu a Rady (EU) 2016\/679 ze dne 27. dubna 2016 o [&hellip;]\" \/>\n<meta property=\"og:url\" content=\"https:\/\/aqualuxpool.eu\/zsou\/\" \/>\n<meta property=\"og:site_name\" content=\"AQUA LUX POOL\" \/>\n<meta property=\"article:modified_time\" content=\"2025-04-08T14:49:53+00:00\" \/>\n<meta name=\"twitter:card\" content=\"summary_large_image\" \/>\n<meta name=\"twitter:label1\" content=\"Odhadovan\u00e1 doba \u010dten\u00ed\" \/>\n\t<meta name=\"twitter:data1\" content=\"9 minut\" \/>\n<script type=\"application\/ld+json\" class=\"yoast-schema-graph\">{\"@context\":\"https:\/\/schema.org\",\"@graph\":[{\"@type\":\"WebPage\",\"@id\":\"https:\/\/aqualuxpool.eu\/zsou\/\",\"url\":\"https:\/\/aqualuxpool.eu\/zsou\/\",\"name\":\"Z\u00e1sady ochrany osobn\u00edch \u00fadaj\u016f - AQUA LUX POOL\",\"isPartOf\":{\"@id\":\"https:\/\/aqualuxpool.eu\/cs\/#website\"},\"datePublished\":\"2023-10-25T13:02:15+00:00\",\"dateModified\":\"2025-04-08T14:49:53+00:00\",\"breadcrumb\":{\"@id\":\"https:\/\/aqualuxpool.eu\/zsou\/#breadcrumb\"},\"inLanguage\":\"cs\",\"potentialAction\":[{\"@type\":\"ReadAction\",\"target\":[\"https:\/\/aqualuxpool.eu\/zsou\/\"]}]},{\"@type\":\"BreadcrumbList\",\"@id\":\"https:\/\/aqualuxpool.eu\/zsou\/#breadcrumb\",\"itemListElement\":[{\"@type\":\"ListItem\",\"position\":1,\"name\":\"Home\",\"item\":\"https:\/\/aqualuxpool.eu\/cs\/homepage-2\/\"},{\"@type\":\"ListItem\",\"position\":2,\"name\":\"Z\u00e1sady ochrany osobn\u00edch \u00fadaj\u016f\"}]},{\"@type\":\"WebSite\",\"@id\":\"https:\/\/aqualuxpool.eu\/cs\/#website\",\"url\":\"https:\/\/aqualuxpool.eu\/cs\/\",\"name\":\"AQUA LUX POOL\",\"description\":\"Luxusn\u00e9 nerezov\u00e9 baz\u00e9ny\",\"publisher\":{\"@id\":\"https:\/\/aqualuxpool.eu\/cs\/#organization\"},\"potentialAction\":[{\"@type\":\"SearchAction\",\"target\":{\"@type\":\"EntryPoint\",\"urlTemplate\":\"https:\/\/aqualuxpool.eu\/cs\/?s={search_term_string}\"},\"query-input\":{\"@type\":\"PropertyValueSpecification\",\"valueRequired\":true,\"valueName\":\"search_term_string\"}}],\"inLanguage\":\"cs\"},{\"@type\":\"Organization\",\"@id\":\"https:\/\/aqualuxpool.eu\/cs\/#organization\",\"name\":\"AQUA LUX POOL\",\"url\":\"https:\/\/aqualuxpool.eu\/cs\/\",\"logo\":{\"@type\":\"ImageObject\",\"inLanguage\":\"cs\",\"@id\":\"https:\/\/aqualuxpool.eu\/cs\/#\/schema\/logo\/image\/\",\"url\":\"https:\/\/aqualuxpool.eu\/wp-content\/uploads\/2023\/10\/logo.png\",\"contentUrl\":\"https:\/\/aqualuxpool.eu\/wp-content\/uploads\/2023\/10\/logo.png\",\"width\":1248,\"height\":284,\"caption\":\"AQUA LUX POOL\"},\"image\":{\"@id\":\"https:\/\/aqualuxpool.eu\/cs\/#\/schema\/logo\/image\/\"}}]}<\/script>\n<!-- \/ Yoast SEO plugin. -->","yoast_head_json":{"title":"Z\u00e1sady ochrany osobn\u00edch \u00fadaj\u016f - AQUA LUX POOL","robots":{"index":"index","follow":"follow","max-snippet":"max-snippet:-1","max-image-preview":"max-image-preview:large","max-video-preview":"max-video-preview:-1"},"canonical":"https:\/\/aqualuxpool.eu\/zsou\/","og_locale":"cs_CZ","og_type":"article","og_title":"Z\u00e1sady ochrany osobn\u00edch \u00fadaj\u016f - AQUA LUX POOL","og_description":"Z\u00e1sady zpracov\u00e1n\u00ed osobn\u00edch \u00fadaj\u016f Spole\u010dnosti : Slovak Welder s.r.o., I\u010c : 51696932, (d\u00e1le jednotliv\u011b i jako jen \u201eprovozovatel\u201e) Provozovatel, poskytuje za \u00fa\u010delem dodr\u017eov\u00e1n\u00ed spravedlnosti a transparentnosti v\u016f\u010di dot\u010den\u00fdm osob\u00e1m toto sezn\u00e1men\u00ed dot\u010den\u00e9 osoby o zpracov\u00e1n\u00edm osobn\u00edch \u00fadaj\u016f podle \u010dl\u00e1nk\u016f 13. a 14. Na\u0159\u00edzen\u00ed Evropsk\u00e9ho parlamentu a Rady (EU) 2016\/679 ze dne 27. dubna 2016 o [&hellip;]","og_url":"https:\/\/aqualuxpool.eu\/zsou\/","og_site_name":"AQUA LUX POOL","article_modified_time":"2025-04-08T14:49:53+00:00","twitter_card":"summary_large_image","twitter_misc":{"Odhadovan\u00e1 doba \u010dten\u00ed":"9 minut"},"schema":{"@context":"https:\/\/schema.org","@graph":[{"@type":"WebPage","@id":"https:\/\/aqualuxpool.eu\/zsou\/","url":"https:\/\/aqualuxpool.eu\/zsou\/","name":"Z\u00e1sady ochrany osobn\u00edch \u00fadaj\u016f - AQUA LUX POOL","isPartOf":{"@id":"https:\/\/aqualuxpool.eu\/cs\/#website"},"datePublished":"2023-10-25T13:02:15+00:00","dateModified":"2025-04-08T14:49:53+00:00","breadcrumb":{"@id":"https:\/\/aqualuxpool.eu\/zsou\/#breadcrumb"},"inLanguage":"cs","potentialAction":[{"@type":"ReadAction","target":["https:\/\/aqualuxpool.eu\/zsou\/"]}]},{"@type":"BreadcrumbList","@id":"https:\/\/aqualuxpool.eu\/zsou\/#breadcrumb","itemListElement":[{"@type":"ListItem","position":1,"name":"Home","item":"https:\/\/aqualuxpool.eu\/cs\/homepage-2\/"},{"@type":"ListItem","position":2,"name":"Z\u00e1sady ochrany osobn\u00edch \u00fadaj\u016f"}]},{"@type":"WebSite","@id":"https:\/\/aqualuxpool.eu\/cs\/#website","url":"https:\/\/aqualuxpool.eu\/cs\/","name":"AQUA LUX POOL","description":"Luxusn\u00e9 nerezov\u00e9 baz\u00e9ny","publisher":{"@id":"https:\/\/aqualuxpool.eu\/cs\/#organization"},"potentialAction":[{"@type":"SearchAction","target":{"@type":"EntryPoint","urlTemplate":"https:\/\/aqualuxpool.eu\/cs\/?s={search_term_string}"},"query-input":{"@type":"PropertyValueSpecification","valueRequired":true,"valueName":"search_term_string"}}],"inLanguage":"cs"},{"@type":"Organization","@id":"https:\/\/aqualuxpool.eu\/cs\/#organization","name":"AQUA LUX POOL","url":"https:\/\/aqualuxpool.eu\/cs\/","logo":{"@type":"ImageObject","inLanguage":"cs","@id":"https:\/\/aqualuxpool.eu\/cs\/#\/schema\/logo\/image\/","url":"https:\/\/aqualuxpool.eu\/wp-content\/uploads\/2023\/10\/logo.png","contentUrl":"https:\/\/aqualuxpool.eu\/wp-content\/uploads\/2023\/10\/logo.png","width":1248,"height":284,"caption":"AQUA LUX POOL"},"image":{"@id":"https:\/\/aqualuxpool.eu\/cs\/#\/schema\/logo\/image\/"}}]}},"_links":{"self":[{"href":"https:\/\/aqualuxpool.eu\/cs\/wp-json\/wp\/v2\/pages\/3830","targetHints":{"allow":["GET"]}}],"collection":[{"href":"https:\/\/aqualuxpool.eu\/cs\/wp-json\/wp\/v2\/pages"}],"about":[{"href":"https:\/\/aqualuxpool.eu\/cs\/wp-json\/wp\/v2\/types\/page"}],"author":[{"embeddable":true,"href":"https:\/\/aqualuxpool.eu\/cs\/wp-json\/wp\/v2\/users\/1"}],"replies":[{"embeddable":true,"href":"https:\/\/aqualuxpool.eu\/cs\/wp-json\/wp\/v2\/comments?post=3830"}],"version-history":[{"count":1,"href":"https:\/\/aqualuxpool.eu\/cs\/wp-json\/wp\/v2\/pages\/3830\/revisions"}],"predecessor-version":[{"id":3831,"href":"https:\/\/aqualuxpool.eu\/cs\/wp-json\/wp\/v2\/pages\/3830\/revisions\/3831"}],"wp:attachment":[{"href":"https:\/\/aqualuxpool.eu\/cs\/wp-json\/wp\/v2\/media?parent=3830"}],"curies":[{"name":"wp","href":"https:\/\/api.w.org\/{rel}","templated":true}]}}